{"id":3816,"date":"2024-08-01T12:00:25","date_gmt":"2024-08-01T10:00:25","guid":{"rendered":"https:\/\/www.sofforsangar.se\/?post_type=product&#038;p=3816"},"modified":"2025-12-19T12:31:38","modified_gmt":"2025-12-19T10:31:38","slug":"marius-baddmadrass","status":"publish","type":"product","link":"https:\/\/www.sofforsangar.se\/dk\/vare\/marius-baddmadrass\/","title":{"rendered":"I lager: Marius b\u00e4ddmadrass"},"content":{"rendered":"<div class=\"elementor-element elementor-element-2d618048 elementor-widget elementor-widget-woocommerce-product-title elementor-page-title elementor-widget-heading\" data-id=\"2d618048\" data-element_type=\"widget\" data-widget_type=\"woocommerce-product-title.default\">\n<div class=\"elementor-widget-container\">\n<h2>Marius b\u00e4ddmadrass<\/h2>\n<p>Marius topmadras er 6 cm tyk, og best\u00e5r af topkvalitet polyeterskum.<\/p>\n<p>Den perfekte topmadras.<\/p>\n<\/div>\n<\/div>\n<div class=\"elementor-element elementor-element-7e329e03 elementor-widget elementor-widget-woocommerce-product-content\" data-id=\"7e329e03\" data-element_type=\"widget\" data-widget_type=\"woocommerce-product-content.default\">\n<p>Leveringstid: 2 dage.<\/p>\n<h3>Specifikationer f\u00f6r Marius b\u00e4ddmadrass<\/h3>\n<h4>M\u00e5l<\/h4>\n<p>L\u00e4ngd 200 cm<br \/>\nBredd: 90, 105, 120, 140, 160, 180 cm<br \/>\nTjocklek 6 cm<\/p>\n<h4>Vedligeholdelses r\u00e5d<\/h4>\n<p>Vi anbefaler at tilk\u00f8be vores plejeserie.\u00a0<a href=\"https:\/\/www.sofforsangar.se\/dk\/vare-kategori\/ligg-battre\/sangvard\/\">plejeserie<\/a> for at forl\u00e6nge din seng levetid.<\/p>\n<p>Er du p\u00e5 jagt efter en ny seng ?<\/p>\n<p>Vores butik i centrale Malm\u00f8, byder p\u00e5 masser af inspiration. Her har vi 1000 kvm med sk\u00f8nne m\u00f8bler. Ring eller mail s\u00e5 hj\u00e6lper vi dig.\n0046 40 13 99 11.<\/p>\n<\/div>","protected":false},"excerpt":{"rendered":"<p>for ekstra god sovekomfort.<\/p>","protected":false},"featured_media":2326,"comment_status":"open","ping_status":"closed","template":"","meta":{"_acf_changed":false},"product_brand":[],"product_cat":[46,45],"product_tag":[226],"class_list":{"0":"post-3816","1":"product","2":"type-product","3":"status-publish","4":"has-post-thumbnail","6":"product_cat-madrasser","7":"product_cat-sangar-i-lager","8":"product_tag-euforia","9":"product_shipping_class-sma-mobler","11":"first","12":"instock","13":"taxable","14":"shipping-taxable","15":"purchasable","16":"product-type-variable","17":"has-default-attributes"},"acf":[],"_links":{"self":[{"href":"https:\/\/www.sofforsangar.se\/dk\/wp-json\/wp\/v2\/product\/3816","targetHints":{"allow":["GET"]}}],"collection":[{"href":"https:\/\/www.sofforsangar.se\/dk\/wp-json\/wp\/v2\/product"}],"about":[{"href":"https:\/\/www.sofforsangar.se\/dk\/wp-json\/wp\/v2\/types\/product"}],"replies":[{"embeddable":true,"href":"https:\/\/www.sofforsangar.se\/dk\/wp-json\/wp\/v2\/comments?post=3816"}],"wp:featuredmedia":[{"embeddable":true,"href":"https:\/\/www.sofforsangar.se\/dk\/wp-json\/wp\/v2\/media\/2326"}],"wp:attachment":[{"href":"https:\/\/www.sofforsangar.se\/dk\/wp-json\/wp\/v2\/media?parent=3816"}],"wp:term":[{"taxonomy":"product_brand","embeddable":true,"href":"https:\/\/www.sofforsangar.se\/dk\/wp-json\/wp\/v2\/product_brand?post=3816"},{"taxonomy":"product_cat","embeddable":true,"href":"https:\/\/www.sofforsangar.se\/dk\/wp-json\/wp\/v2\/product_cat?post=3816"},{"taxonomy":"product_tag","embeddable":true,"href":"https:\/\/www.sofforsangar.se\/dk\/wp-json\/wp\/v2\/product_tag?post=3816"}],"curies":[{"name":"wp","href":"https:\/\/api.w.org\/{rel}","templated":true}]}}