{"id":289,"date":"2022-08-23T16:24:16","date_gmt":"2022-08-23T14:24:16","guid":{"rendered":"https:\/\/www.sofforsangar.se\/?post_type=product&#038;p=289"},"modified":"2025-05-25T12:39:56","modified_gmt":"2025-05-25T10:39:56","slug":"fiesta-2-sits-soffa","status":"publish","type":"product","link":"https:\/\/www.sofforsangar.se\/dk\/vare\/fiesta-2-sits-soffa\/","title":{"rendered":"Fiesta 2 personers."},"content":{"rendered":"<p>Fiesta \u00e4r soffan med stilren design och h\u00e4rlig komfort. Dess raka linjer\u00a0och l\u00e4tt snygg rundning av kanterna p\u00e5\u00a0dynorna ger en sk\u00f6n inbjudande k\u00e4nsla. Dynorna \u00e4r dunstoppade och g\u00f6r att komforten \u00e4r p\u00f6sig och helt underbar att sitta i. De dolda benen bidrar till att soffan f\u00e5r ett l\u00e4tt sv\u00e4vande intryck. I denna soffa kan man l\u00e4tt tillbringa timme ut och timme in b\u00e5de att slappa sk\u00f6nt i eller umg\u00e5s med v\u00e4nner och familj.<\/p>\n<p>Leveranstid: 8-10 veckor.<\/p>\n<p><strong>M\u00e5tt\/Vikt<br \/>\n<\/strong>L\u00e4ngd 204 cm<br \/>\nDjup 93 cm<br \/>\nH\u00f6jd 79 cm inkl ryggdynor<br \/>\nSitth\u00f6jd 46 cm<br \/>\nSittdjup 55 cm<br \/>\nBenh\u00f6jd 10 cm<br \/>\nM\u00e5tten kan variera +- 3 cm beroende p\u00e5 kombination och kl\u00e4dselmaterial.<br \/>\nVikt inkl emballage 54 kg<\/p>\n<p><strong>Tyg\/F\u00e4r<\/strong><strong>g<\/strong><br \/>\nWave Yellow manchester (prisgr. 4). Kvalitet 85% polyester, 15% nylon. Martindale 70,000. Pilling 4-5. Ljus\u00e4kthet 5. Tv\u00e4ttr\u00e5d Kemtv\u00e4tt. Wave \u00e4r ett vatten- och smutsavvisande tyg. Detta skydd f\u00f6rsvinner dock om man tv\u00e4ttar soffan.<\/p>\n<p>Fiesta 2-sits soffa finns som best\u00e4llningsvara i andra tyger &amp; f\u00e4rger samt \u00e4ven i skinn\/l\u00e4der. Klicka p\u00e5 Tyg- och f\u00e4rgl\u00e4nken i sidfoten f\u00f6r att best\u00e4lla Gratis tygprover.<\/p>\n<p><strong>Produktfakta<\/strong><br \/>\n&#8211;\u00a0 Tillverkare: Bellus.<br \/>\n&#8211;\u00a0 Sitsar: pocketfj\u00e4drar,\u00a0Cloud-plus-system &#8211; 5 \u00e5rs garanti avs fj\u00e4derbrott, HR skum 35 kg, en top av\u00a0mix av fj\u00e4drar och strimlad kallskum, Avtagbar tv\u00e4ttbar kl\u00e4dsel.<br \/>\n&#8211;\u00a0 Ryggdynor: mix av fj\u00e4drar och strimlad kallskum.\u00a0Avtagbar och tv\u00e4ttbar kl\u00e4dsel.<br \/>\n&#8211;\u00a0 Dekorkuddar: 2 st dekorkuddar i samma tyg som soffan ing\u00e5r i k\u00f6pet (ej vid val av l\u00e4der).\u00a0Storlek 40&#215;40 cm.<br \/>\n&#8211;\u00a0 Ram: plywood, massivt tr\u00e4, HR skum 25 kg.<br \/>\n&#8211;\u00a0 Ben: tr\u00e4, svarta. \u00c4r ganska dolda undertill. Inga valbara ben finns f\u00f6r denna modell.<\/p>\n<p><var class=\"placeholder image\" data-placeholder=\"[[img@id=;2954;@resolution=;tiny;]]\" data-edit-title=\"Redigera\"><img decoding=\"async\" class=\"\" src=\"https:\/\/cdn.starwebserver.se\/shops\/lasoffor\/files\/cache\/cloud-system-logga_tiny.jpg?_=1613393581\" alt=\"\" width=\"300\" height=\"128\" data-placeholder=\"[[img@id=;2954;@resolution=;tiny;]]\" \/><\/var>\u200b<\/p>\n<p><strong>R\u00e5d &amp; tips<\/strong><br \/>\nFiesta 2-sits soffa kommer i 1 st kolli. Benen \u00e4r f\u00e4rdigmonterade.<\/p>\n<p>Vi rekommenderar att k\u00f6pa till <a href=\"https:\/\/sofforsangar.se\/produkt\/textilvard-textile-clean-protect\/\">textilskyddsmedel<\/a> som skyddar, v\u00e5rdar och bevarar textilierna eller skinnet.<\/p>\n<h3>Intresserad av annan modell?<\/h3>\n<p>I v\u00e5r butik i Malm\u00f6 har vi m\u00e4ngder av valm\u00f6jligheter. M\u00e5nga produkter g\u00e5r att f\u00e5 i olika modeller, med olika tyger och ben. F\u00f6r intresse om annan modell, var god maila info@sofforsangar.se eller ring oss tel. 040-13 99 11.<\/p>\n","protected":false},"excerpt":{"rendered":"<p>Fiesta \u00e4r soffan med stilren design och h\u00e4rlig komfort. Dess raka linjer\u00a0och l\u00e4tt snygg rundning av kanterna p\u00e5\u00a0dynorna ger en sk\u00f6n inbjudande k\u00e4nsla. Dynorna \u00e4r dunstoppade och g\u00f6r att komforten \u00e4r p\u00f6sig och helt underbar att sitta i. De dolda benen bidrar till att soffan f\u00e5r ett l\u00e4tt sv\u00e4vande intryck. I denna soffa kan man [&hellip;]<\/p>\n","protected":false},"featured_media":290,"comment_status":"open","ping_status":"closed","template":"","meta":{"_acf_changed":false},"product_brand":[],"product_cat":[31,57,34],"product_tag":[],"class_list":{"0":"post-289","1":"product","2":"type-product","3":"status-publish","4":"has-post-thumbnail","6":"product_cat-2-4-sitssoffa","7":"product_cat-manchestersoffa","8":"product_cat-huvudkategori-soffor","9":"product_shipping_class-stora-mobler","11":"first","12":"onbackorder","13":"taxable","14":"shipping-taxable","15":"purchasable","16":"product-type-simple"},"acf":[],"_links":{"self":[{"href":"https:\/\/www.sofforsangar.se\/dk\/wp-json\/wp\/v2\/product\/289","targetHints":{"allow":["GET"]}}],"collection":[{"href":"https:\/\/www.sofforsangar.se\/dk\/wp-json\/wp\/v2\/product"}],"about":[{"href":"https:\/\/www.sofforsangar.se\/dk\/wp-json\/wp\/v2\/types\/product"}],"replies":[{"embeddable":true,"href":"https:\/\/www.sofforsangar.se\/dk\/wp-json\/wp\/v2\/comments?post=289"}],"wp:featuredmedia":[{"embeddable":true,"href":"https:\/\/www.sofforsangar.se\/dk\/wp-json\/wp\/v2\/media\/290"}],"wp:attachment":[{"href":"https:\/\/www.sofforsangar.se\/dk\/wp-json\/wp\/v2\/media?parent=289"}],"wp:term":[{"taxonomy":"product_brand","embeddable":true,"href":"https:\/\/www.sofforsangar.se\/dk\/wp-json\/wp\/v2\/product_brand?post=289"},{"taxonomy":"product_cat","embeddable":true,"href":"https:\/\/www.sofforsangar.se\/dk\/wp-json\/wp\/v2\/product_cat?post=289"},{"taxonomy":"product_tag","embeddable":true,"href":"https:\/\/www.sofforsangar.se\/dk\/wp-json\/wp\/v2\/product_tag?post=289"}],"curies":[{"name":"wp","href":"https:\/\/api.w.org\/{rel}","templated":true}]}}