{"id":260,"date":"2022-08-22T17:20:48","date_gmt":"2022-08-22T15:20:48","guid":{"rendered":"https:\/\/www.sofforsangar.se\/?post_type=product&#038;p=260"},"modified":"2025-05-21T23:25:24","modified_gmt":"2025-05-21T21:25:24","slug":"andango-snurrfatolj","status":"publish","type":"product","link":"https:\/\/www.sofforsangar.se\/dk\/vare\/andango-snurrfatolj\/","title":{"rendered":"Andango"},"content":{"rendered":"<p>Denna snurrf\u00e5t\u00f6lj tillh\u00f6r serien Andango och\u00a0g\u00e5r fint ihop med \u00f6vriga soffor fr\u00e5n samma serie. Dynorna\u00a0\u00e4r precis lika mjuka, tjocka och bekv\u00e4ma som i sofforna. Ett utm\u00e4rkt sittalternativ s\u00e5v\u00e4l en kv\u00e4ll i glada v\u00e4nners\u00a0s\u00e4llskap som en TV-kv\u00e4ll med familjen.<\/p>\n<p>Leveranstid: 8-10 veckor.<\/p>\n<p><strong>M\u00e5tt\/Vikt<br \/>\n<\/strong>Bredd 92 cm<br \/>\nDjup 85 cm<br \/>\nH\u00f6jd 80 cm<br \/>\nSitth\u00f6jd 40 cm<br \/>\nSittdjup 52 cm<br \/>\nBenh\u00f6jd 3,5 cm<br \/>\nM\u00e5tten kan variera +- 3 cm beroende p\u00e5 kombination och kl\u00e4dselmaterial.<br \/>\nVikt inkl emballage 39 kg<\/p>\n<p><strong>Tyg\/F\u00e4r<\/strong><strong>g<\/strong><br \/>\nJuke Grey Sammet (prisgr. 5). Kvalitet 100% polyester. Martindale 100,000.\u00a0Pilling 5.\u00a0Ljus\u00e4kthet 4-5. Tv\u00e4ttr\u00e5d\u00a0Kemtv\u00e4tt.\u00a0Tyget Juke \u00e4r ett vackert och mjukt\u00a0sammetstyg med en fantastiskt h\u00f6g slitstyrka.<\/p>\n<p>Andango snurrf\u00e5t\u00f6lj finns som best\u00e4llningsvara i andra tyger &amp; f\u00e4rger samt \u00e4ven i skinn\/l\u00e4der.<\/p>\n<p><strong>Produktfakta<\/strong><br \/>\nAndango \u00e4r tillverkad av Bellus. Sits och ryggdyna har avtagbar\u00a0och tv\u00e4ttbar kl\u00e4dsel. Sitsen har\u00a0en k\u00e4rna av pocketfj\u00e4drar (260 fj\u00e4drar\/m\u00b2), Cloud-plus-system &#8211; 5 \u00e5rs garanti avs fj\u00e4derbrott, omsvept med kallskum densitet 35 kg\/m\u00b3 och toppad med fiber densitet 200 g\/m\u00b3\u00a0och\u00a0memoryfoam. Det ing\u00e5r 5 \u00e5rs garanti avseende fj\u00e4derbrott.\u00a0Ryggdynan \u00e4r stoppad med silikoniserad fibervadd.\u00a0Ram i plywood,\u00a0massivt\u00a0tr\u00e4 och nozagfj\u00e4drar.<\/p>\n<p><var class=\"placeholder image\" data-placeholder=\"[[img@id=;2954;@resolution=;tiny;]]\" data-edit-title=\"Redigera\"><img decoding=\"async\" class=\"\" src=\"https:\/\/cdn.starwebserver.se\/shops\/lasoffor\/files\/cache\/cloud-system-logga_tiny.jpg?_=1613393581\" alt=\"\" width=\"300\" height=\"128\" data-placeholder=\"[[img@id=;2954;@resolution=;tiny;]]\" \/><\/var>\u200b<\/p>\n<p><strong>R\u00e5d &amp; tips<\/strong><br \/>\nVi rekommenderar att k\u00f6pa till\u00a0<a href=\"https:\/\/sofforsangar.se\/produkt\/textilvard-textile-clean-protect\/\">textilskyddsmedel<\/a>\u00a0eller\u00a0<a href=\"https:\/\/sofforsangar.se\/produkt\/skinnvard-leather-clean-protect\/\">skinnv\u00e5rd<\/a>\u00a0som skyddar, v\u00e5rdar och bevarar textilierna eller skinnet.<\/p>\n<h3>Intresserad av annan modell?<\/h3>\n<p>I v\u00e5r butik i Malm\u00f6 har vi m\u00e4ngder av valm\u00f6jligheter. M\u00e5nga produkter g\u00e5r att f\u00e5 i olika modeller, med olika tyger och ben. F\u00f6r intresse om annan modell, f\u00e4rger och utf\u00f6rande, var god maila info@sofforsangar.se eller ring oss tel. 040-13 99 11.<\/p>\n","protected":false},"excerpt":{"rendered":"<p>Denna snurrf\u00e5t\u00f6lj tillh\u00f6r serien Andango och\u00a0g\u00e5r fint ihop med \u00f6vriga soffor fr\u00e5n samma serie. Dynorna\u00a0\u00e4r precis lika mjuka, tjocka och bekv\u00e4ma som i sofforna. Ett utm\u00e4rkt sittalternativ s\u00e5v\u00e4l en kv\u00e4ll i glada v\u00e4nners\u00a0s\u00e4llskap som en TV-kv\u00e4ll med familjen. Leveranstid: 8-10 veckor. M\u00e5tt\/Vikt Bredd 92 cm Djup 85 cm H\u00f6jd 80 cm Sitth\u00f6jd 40 cm Sittdjup [&hellip;]<\/p>\n","protected":false},"featured_media":261,"comment_status":"open","ping_status":"closed","template":"","meta":{"_acf_changed":false},"product_brand":[],"product_cat":[44,34],"product_tag":[],"class_list":{"0":"post-260","1":"product","2":"type-product","3":"status-publish","4":"has-post-thumbnail","6":"product_cat-fatoljer","7":"product_cat-huvudkategori-soffor","8":"product_shipping_class-stora-mobler","10":"first","11":"instock","12":"taxable","13":"shipping-taxable","14":"purchasable","15":"product-type-simple"},"acf":[],"_links":{"self":[{"href":"https:\/\/www.sofforsangar.se\/dk\/wp-json\/wp\/v2\/product\/260","targetHints":{"allow":["GET"]}}],"collection":[{"href":"https:\/\/www.sofforsangar.se\/dk\/wp-json\/wp\/v2\/product"}],"about":[{"href":"https:\/\/www.sofforsangar.se\/dk\/wp-json\/wp\/v2\/types\/product"}],"replies":[{"embeddable":true,"href":"https:\/\/www.sofforsangar.se\/dk\/wp-json\/wp\/v2\/comments?post=260"}],"wp:featuredmedia":[{"embeddable":true,"href":"https:\/\/www.sofforsangar.se\/dk\/wp-json\/wp\/v2\/media\/261"}],"wp:attachment":[{"href":"https:\/\/www.sofforsangar.se\/dk\/wp-json\/wp\/v2\/media?parent=260"}],"wp:term":[{"taxonomy":"product_brand","embeddable":true,"href":"https:\/\/www.sofforsangar.se\/dk\/wp-json\/wp\/v2\/product_brand?post=260"},{"taxonomy":"product_cat","embeddable":true,"href":"https:\/\/www.sofforsangar.se\/dk\/wp-json\/wp\/v2\/product_cat?post=260"},{"taxonomy":"product_tag","embeddable":true,"href":"https:\/\/www.sofforsangar.se\/dk\/wp-json\/wp\/v2\/product_tag?post=260"}],"curies":[{"name":"wp","href":"https:\/\/api.w.org\/{rel}","templated":true}]}}